{"id":47851,"date":"2025-07-03T18:14:56","date_gmt":"2025-07-03T16:14:56","guid":{"rendered":"https:\/\/portallamp.invette.dev\/produkt\/lampa-wiszaca-sufitowa-zyrandol-plafon-led-13\/"},"modified":"2025-07-03T18:14:56","modified_gmt":"2025-07-03T16:14:56","slug":"lampa-wiszaca-sufitowa-zyrandol-plafon-led-13","status":"publish","type":"product","link":"https:\/\/portallamp.invette.dev\/de\/produkt\/lampa-wiszaca-sufitowa-zyrandol-plafon-led-13\/","title":{"rendered":"LAMPA WISZ\u0104CA SUFITOWA \u017bYRANDOL PLAFON LED"},"content":{"rendered":"<p><img decoding=\"async\" src=\"https:\/\/a.allegroimg.com\/original\/03e34e\/21b41f484890b3be365af3ff6660\" alt=\"Zdj\u0119cie produktu\" style=\"max-width:100%; height:auto; margin:10px 0;\"><\/p>\n<h1>Przedmiotem sprzeda\u017cy jest:<\/h1>\n<h2>Designerska lampa sufitowa plafon zaprojektowana w nowoczesnym stylu.<\/h2>\n<p>Nr kat: 812-3 P\u0119tla LUXOLAR model z roku 2020.<\/p>\n<\/p>\n<p><b>Lampa w pe\u0142ni z\u0142o\u017cona &#8211; nie jest to zestaw do samodzielnego monta\u017cu<\/b><\/p>\n<\/p>\n<p><img decoding=\"async\" src=\"https:\/\/a.allegroimg.com\/original\/03887c\/57efd3cb41908e0d364dd51d6663\" alt=\"Zdj\u0119cie produktu\" style=\"max-width:100%; height:auto; margin:10px 0;\"><br \/>\n<img decoding=\"async\" src=\"https:\/\/a.allegroimg.com\/original\/0321c2\/67a2317140518e6325a794e58043\" alt=\"Zdj\u0119cie produktu\" style=\"max-width:100%; height:auto; margin:10px 0;\"><\/p>\n<p><b>Dost\u0119pna w trzech kolorach:<\/b><\/p>\n<p><b>&#8211; Czarnym<\/b><\/p>\n<p><b>&#8211; Szarym<\/b><\/p>\n<p><b>&#8211; Bia\u0142ym<\/b><\/p>\n<\/p>\n<p><img decoding=\"async\" src=\"https:\/\/a.allegroimg.com\/original\/032b81\/6ae731ef479eafe462c25db976a3\" alt=\"Zdj\u0119cie produktu\" style=\"max-width:100%; height:auto; margin:10px 0;\"><br \/>\n<img decoding=\"async\" src=\"https:\/\/a.allegroimg.com\/original\/034a95\/d1915cc944fe8019fea188a80ad9\" alt=\"Zdj\u0119cie produktu\" style=\"max-width:100%; height:auto; margin:10px 0;\"><\/p>\n<p><b><\/b><\/p>\n<p><b>G\u0142\u00f3wne cechy lampy:<\/b><\/p>\n<p><b><\/b><\/p>\n<ul>\n<li><b>Kolor konstrukcji: Czarny matowy<\/b><\/li>\n<\/ul>\n<ul>\n<li>Nowoczesny Styl &#8211; &nbsp;\u0142atwo wkomponuje si\u0119 w uk\u0142ad mieszkania<\/li>\n<\/ul>\n<ul>\n<li>Solidna metalowa, sztywna konstrukcja malowana proszkowo<\/li>\n<\/ul>\n<ul>\n<li>Przeznaczona jako o\u015bwietlenie g\u0142\u00f3wne w pomieszczeniach o powierzchni 9-16 m2<\/li>\n<\/ul>\n<ul>\n<li>Lampa obs\u0142uguje wszystkie \u017car\u00f3wki z gwintem typu E27 do max 60 wat\u00f3w.<\/li>\n<\/ul>\n<ul>\n<li>Dodatkowym atutem s\u0105 dwa niezale\u017cne obwody elektryczne, dzi\u0119ki kt\u00f3rym w zale\u017cno\u015bci od potrzeb, mo\u017cemy sterowa\u0107 ilo\u015bci\u0105 w\u0142\u0105czonych \u017car\u00f3wek.<\/li>\n<\/ul>\n<ul>\n<li>Lampa z polskiej dystrybucji, wyprodukowana w Polsce &#8211; gwarantowany szybki dost\u0119p do serwisu i cz\u0119\u015bci zapasowych<\/li>\n<\/ul>\n<ul>\n<li>Cena &#8211; za podobn\u0105 lamp\u0119 w popularnych marketach budowlanych zap\u0142acisz od 150 do 250 z\u0142<\/li>\n<\/ul>\n<h1>Dane techniczne:<\/h1>\n<\/p>\n<ul>\n<li><b>Materia\u0142 konstrukcji:<\/b> metal malowany proszkowo w kolorze czarnym<\/li>\n<li><b>Wymiary:<\/b> Wysoko\u015b\u0107 ca\u0142kowita max 36 cm <b>,<\/b> \u015brednica podsufitki: 13 cm, Rozpi\u0119to\u015b\u0107: max 65 cm<\/li>\n<li><b>Zasilanie:<\/b>&nbsp;~230 [V] \/ bezpo\u015brednie z sieci, dwa niezale\u017cne obwody elektryczne, w\u0142\u0105czanie 2+1<\/li>\n<li><b>\u0179r\u00f3d\u0142o \u015bwiat\u0142a:<\/b> E-27 &#8211; zalecane LED lub \u015bwietl\u00f3wki kompaktowe<\/li>\n<li><b>Spos\u00f3b monta\u017cu:<\/b> Dwa ko\u0142ki rozporowe<\/li>\n<li><b>IP 20, Klasa I<\/b><\/li>\n<li><b>Zestaw nie zawiera \u017car\u00f3wek oraz ko\u0142k\u00f3w rozporowych do monta\u017cu<\/b><\/li>\n<li><b>Producent: <\/b>LUXOLAR Polska<\/li>\n<li><b>Lampa w pe\u0142ni z\u0142o\u017cona &#8211; nie jest to zestaw do samodzielnego monta\u017cu.<\/b><\/li>\n<\/ul>\n<h1>WYMIARY:<\/h1>\n<p><img decoding=\"async\" src=\"https:\/\/a.allegroimg.com\/original\/03c908\/933712e742bb879e6aa23476b9ca\" alt=\"Zdj\u0119cie produktu\" style=\"max-width:100%; height:auto; margin:10px 0;\"><br \/>\n<img decoding=\"async\" src=\"https:\/\/a.allegroimg.com\/original\/03cab9\/5d7c28c845cba0ee8deefc54ac76\" alt=\"Zdj\u0119cie produktu\" style=\"max-width:100%; height:auto; margin:10px 0;\"><\/p>\n<h1>ZALECANE \u0179R\u00d3D\u0141A \u015aWIAT\u0141A:<\/h1>\n<\/p>\n<ul>\n<li>\u017bar\u00f3wki LED z diodami SMD lub filament<\/li>\n<li>Strumie\u0144 \u015bwietlny: 900 -1300 lm<\/li>\n<li><b>Gwint E27<\/b><\/li>\n<li>Moc pobierana z sieci: 6 -12 W<\/li>\n<li>Barwa: ciep\u0142a lub bia\u0142a<\/li>\n<\/ul>\n<h2>Tradycyjny kszta\u0142t w po\u0142\u0105czeniu z nowoczesnymi diodami SMD lub Filament<\/h2>\n<p><img decoding=\"async\" src=\"https:\/\/a.allegroimg.com\/original\/03bcee\/d9967c22482c8db35910f7e9d13a\" alt=\"Zdj\u0119cie produktu\" style=\"max-width:100%; height:auto; margin:10px 0;\"><\/p>\n<h2>ETAPY REALIZACJI ZAM\u00d3WIENIA:<\/h2>\n<ol>\n<li><b>Wybierz kolor&nbsp;konstrukcji:&nbsp;<\/b>Czarny, Szary, Bia\u0142y.<\/li>\n<li><b>Wpisz wybrany kolor&nbsp;<\/b>&#8211; w formularzu zam\u00f3wienia.<\/li>\n<\/ol>\n<p><b>Poprawne przes\u0142anie powy\u017cszych informacji znacznie przyspieszy realizacj\u0119 zam\u00f3wienia.<\/b><\/p>\n<p><img decoding=\"async\" src=\"https:\/\/a.allegroimg.com\/original\/039daa\/238d463d4793b74ec034ae3b85d7\" alt=\"Zdj\u0119cie produktu\" style=\"max-width:100%; height:auto; margin:10px 0;\"><\/p>\n<h1>ARAN\u017bACJE:<\/h1>\n<\/p>\n<p><img decoding=\"async\" src=\"https:\/\/a.allegroimg.com\/original\/03bc0a\/de9b0eea4216bc2e85a1c115dbf4\" alt=\"Zdj\u0119cie produktu\" style=\"max-width:100%; height:auto; margin:10px 0;\"><br \/>\n<img decoding=\"async\" src=\"https:\/\/a.allegroimg.com\/original\/03fca5\/7aa1023e4aa2ba696386c85f4347\" alt=\"Zdj\u0119cie produktu\" style=\"max-width:100%; height:auto; margin:10px 0;\"><br \/>\n<img decoding=\"async\" src=\"https:\/\/a.allegroimg.com\/original\/03887c\/57efd3cb41908e0d364dd51d6663\" alt=\"Zdj\u0119cie produktu\" style=\"max-width:100%; height:auto; margin:10px 0;\"><br \/>\n<img decoding=\"async\" src=\"https:\/\/a.allegroimg.com\/original\/034a95\/d1915cc944fe8019fea188a80ad9\" alt=\"Zdj\u0119cie produktu\" style=\"max-width:100%; height:auto; margin:10px 0;\"><br \/>\n<img decoding=\"async\" src=\"https:\/\/a.allegroimg.com\/original\/03e34e\/21b41f484890b3be365af3ff6660\" alt=\"Zdj\u0119cie produktu\" style=\"max-width:100%; height:auto; margin:10px 0;\"><\/p>\n","protected":false},"excerpt":{"rendered":"<p>Przedmiotem sprzeda\u017cy jest: Designerska lampa sufitowa plafon zaprojektowana w nowoczesnym stylu. Nr kat: 812-3 P\u0119tla LUXOLAR model z roku 2020. Lampa w pe\u0142ni z\u0142o\u017cona &#8211; nie jest to zestaw do samodzielnego monta\u017cu Dost\u0119pna w trzech kolorach: &#8211; Czarnym &#8211; Szarym &#8211; Bia\u0142ym G\u0142\u00f3wne cechy lampy: Kolor konstrukcji: Czarny matowy Nowoczesny Styl &#8211; &nbsp;\u0142atwo wkomponuje si\u0119 [&hellip;]<\/p>\n","protected":false},"featured_media":39877,"comment_status":"closed","ping_status":"open","template":"","meta":{"_acf_changed":false},"product_brand":[162],"product_cat":[2593,2674],"product_tag":[],"class_list":{"0":"post-47851","1":"product","2":"type-product","3":"status-publish","4":"has-post-thumbnail","6":"product_brand-luxolar","7":"product_cat-lampen","8":"product_cat-hangelampen","9":"pa_kod-producenta-lampa-wiszaca-812-3-de","10":"pa_kolekcja-812-de","11":"pa_kolor-schwarz","12":"pa_kolor-weis","13":"pa_liczba-punktow-swiatla-3-de","14":"pa_marka-luxolar","15":"pa_material-dominujacy-metall","16":"pa_max-moc-pojed-zrodla-swiatla-60-de","17":"pa_pomieszczenie-buro","18":"pa_pomieszczenie-esszimmer","19":"pa_pomieszczenie-flur-treppe","20":"pa_pomieszczenie-kinderzimmer","21":"pa_pomieszczenie-kuche","22":"pa_pomieszczenie-salon-de","23":"pa_pomieszczenie-schlafzimmer","24":"pa_pomieszczenie-universell","25":"pa_rodzaj-gwintu-e27-de","26":"pa_rodzaj-lampy-deckenleuchten-hangeleuchten","27":"pa_zasilanie-netzwerk","28":"pa_zawiera-baterie-nein","29":"pa_zrodlo-swiatla-ohne-lichtquelle","31":"first","32":"instock","33":"purchasable","34":"product-type-simple"},"acf":[],"aioseo_notices":[],"_links":{"self":[{"href":"https:\/\/portallamp.invette.dev\/de\/wp-json\/wp\/v2\/product\/47851","targetHints":{"allow":["GET"]}}],"collection":[{"href":"https:\/\/portallamp.invette.dev\/de\/wp-json\/wp\/v2\/product"}],"about":[{"href":"https:\/\/portallamp.invette.dev\/de\/wp-json\/wp\/v2\/types\/product"}],"replies":[{"embeddable":true,"href":"https:\/\/portallamp.invette.dev\/de\/wp-json\/wp\/v2\/comments?post=47851"}],"wp:featuredmedia":[{"embeddable":true,"href":"https:\/\/portallamp.invette.dev\/de\/wp-json\/wp\/v2\/media\/39877"}],"wp:attachment":[{"href":"https:\/\/portallamp.invette.dev\/de\/wp-json\/wp\/v2\/media?parent=47851"}],"wp:term":[{"taxonomy":"product_brand","embeddable":true,"href":"https:\/\/portallamp.invette.dev\/de\/wp-json\/wp\/v2\/product_brand?post=47851"},{"taxonomy":"product_cat","embeddable":true,"href":"https:\/\/portallamp.invette.dev\/de\/wp-json\/wp\/v2\/product_cat?post=47851"},{"taxonomy":"product_tag","embeddable":true,"href":"https:\/\/portallamp.invette.dev\/de\/wp-json\/wp\/v2\/product_tag?post=47851"}],"curies":[{"name":"wp","href":"https:\/\/api.w.org\/{rel}","templated":true}]}}