{"id":47869,"date":"2025-07-03T18:14:56","date_gmt":"2025-07-03T16:14:56","guid":{"rendered":"https:\/\/portallamp.invette.dev\/produkt\/lampa-wiszaca-sufitowa-zyrandol-brylant-led-3\/"},"modified":"2025-07-03T18:14:56","modified_gmt":"2025-07-03T16:14:56","slug":"lampa-wiszaca-sufitowa-zyrandol-brylant-led-3","status":"publish","type":"product","link":"https:\/\/portallamp.invette.dev\/de\/produkt\/lampa-wiszaca-sufitowa-zyrandol-brylant-led-3\/","title":{"rendered":"LAMPA WISZ\u0104CA SUFITOWA \u017bYRANDOL BRYLANT LED"},"content":{"rendered":"<h1>Przedmiotem sprzeda\u017cy jest:<\/h1>\n<h2>Designerska lampa sufitowa wisz\u0105ca zaprojektowana w nowoczesnym stylu.&nbsp; Nr kat: 720-G3 LUXOLAR<\/h2>\n<\/p>\n<p><b>Wersja w pe\u0142ni z\u0142o\u017cona &#8211; nie jest to zestaw do samodzielnego monta\u017cu<\/b><\/p>\n<\/p>\n<h1>Lampa dost\u0119pna w kilku kolorach:<\/h1>\n<ul>\n<li>Bia\u0142ym<\/li>\n<li>Szarym<\/li>\n<li>Czarnym<\/li>\n<li>Mix: Bia\u0142y+Czarny<\/li>\n<li>Mix: Szary+Czarny<\/li>\n<\/ul>\n<p><img decoding=\"async\" src=\"https:\/\/a.allegroimg.com\/original\/03231c\/7d3b580e48cc9db5693c9c0faa79\" alt=\"Zdj\u0119cie produktu\" style=\"max-width:100%; height:auto; margin:10px 0;\"><br \/>\n<img decoding=\"async\" src=\"https:\/\/a.allegroimg.com\/original\/03a055\/52045a0c47c9b0bf96c6ee674a09\" alt=\"Zdj\u0119cie produktu\" style=\"max-width:100%; height:auto; margin:10px 0;\"><\/p>\n<p><b>Nowa lampa wisz\u0105ca z serii Brylant z drucianymi os\u0142onami \u017car\u00f3wek<\/b><\/p>\n<ul>\n<li>Nowoczesny Styl &#8211; &nbsp;\u0142atwo wkomponuje si\u0119 w uk\u0142ad mieszkania<\/li>\n<\/ul>\n<ul>\n<li>Solidna metalowa konstrukcja malowana proszkowo<\/li>\n<\/ul>\n<ul>\n<li>Przeznaczona jako o\u015bwietlenie g\u0142\u00f3wne w pomieszczeniach o powierzchni 9-16 m2<\/li>\n<\/ul>\n<ul>\n<li>Regulacja ustawienia kloszy<\/li>\n<\/ul>\n<ul>\n<li>Lampa obs\u0142uguje wszystkie \u017car\u00f3wki z gwintem typu E27 do max 60 wat\u00f3w.<\/li>\n<\/ul>\n<ul>\n<li>Dodatkowym atutem s\u0105 dwa niezale\u017cne obwody elektryczne, dzi\u0119ki kt\u00f3rym w zale\u017cno\u015bci od potrzeb, mo\u017cemy sterowa\u0107 ilo\u015bci\u0105 w\u0142\u0105czonych \u017car\u00f3wek.<\/li>\n<\/ul>\n<ul>\n<li>Doskona\u0142y stosunek ceny do jako\u015bci<\/li>\n<\/ul>\n<h1>Dane techniczne:<\/h1>\n<ul>\n<li><b>materia\u0142 konstrukcji:<\/b>&nbsp;Metal malowany proszkowo<\/li>\n<li><b>wymiary:<\/b>&nbsp;Wysoko\u015b\u0107 ca\u0142kowita max 35 cm&nbsp;<b>,<\/b>&nbsp;\u015brednica podsufitki: 30 cm,<\/li>\n<li><b>zasilanie:<\/b>&nbsp;~230 [V] \/ bezpo\u015brednie z sieci, dwa niezale\u017cne obwody elektryczne, w\u0142\u0105czanie 2+1<\/li>\n<li><b>\u017ar\u00f3d\u0142o \u015bwiat\u0142a:<\/b>&nbsp;E-27, \u015brednica \u017car\u00f3wki G95 lub mniejsza<\/li>\n<li><b>spos\u00f3b monta\u017cu:<\/b> Ko\u0142ki rozporowe, <b>po zamontowaniu lamp\u0119 mo\u017cna obr\u00f3ci\u0107 ustawiaj\u0105c np kr\u00f3tszym kloszem do frontu<\/b><\/li>\n<li><b>IP 20, Klasa I<\/b><\/li>\n<li>zestaw nie zawiera \u017car\u00f3wek oraz ko\u0142k\u00f3w rozporowych do monta\u017cu<\/li>\n<li><b>producent: <\/b>LUXOLAR Polska<\/li>\n<\/ul>\n<h1>WYMIARY:<\/h1>\n<p><img decoding=\"async\" src=\"https:\/\/a.allegroimg.com\/original\/03e39e\/fc5b04ac431badfa27e7c8f48578\" alt=\"Zdj\u0119cie produktu\" style=\"max-width:100%; height:auto; margin:10px 0;\"><br \/>\n<img decoding=\"async\" src=\"https:\/\/a.allegroimg.com\/original\/034d89\/c7aec8794e4e948e2fda1d358f12\" alt=\"Zdj\u0119cie produktu\" style=\"max-width:100%; height:auto; margin:10px 0;\"><br \/>\n<img decoding=\"async\" src=\"https:\/\/a.allegroimg.com\/original\/0350f2\/59b6aa32494b8d376f9fb2194757\" alt=\"Zdj\u0119cie produktu\" style=\"max-width:100%; height:auto; margin:10px 0;\"><\/p>\n<h1>DOST\u0118PNE KOLORY DO WYBORU:<\/h1>\n<ul>\n<li>Bia\u0142ym<\/li>\n<li>Szarym<\/li>\n<li>Czarnym<\/li>\n<li>Mix: Bia\u0142y+Czarny<\/li>\n<li>Mix: Szary+Czarny<\/li>\n<\/ul>\n<p><img decoding=\"async\" src=\"https:\/\/a.allegroimg.com\/original\/03231c\/7d3b580e48cc9db5693c9c0faa79\" alt=\"Zdj\u0119cie produktu\" style=\"max-width:100%; height:auto; margin:10px 0;\"><br \/>\n<img decoding=\"async\" src=\"https:\/\/a.allegroimg.com\/original\/03a055\/52045a0c47c9b0bf96c6ee674a09\" alt=\"Zdj\u0119cie produktu\" style=\"max-width:100%; height:auto; margin:10px 0;\"><br \/>\n<img decoding=\"async\" src=\"https:\/\/a.allegroimg.com\/original\/03f064\/c20afb144d10b3faa9a34d655353\" alt=\"Zdj\u0119cie produktu\" style=\"max-width:100%; height:auto; margin:10px 0;\"><br \/>\n<img decoding=\"async\" src=\"https:\/\/a.allegroimg.com\/original\/0325c8\/bbdd35df4aacba3bc809f4c55133\" alt=\"Zdj\u0119cie produktu\" style=\"max-width:100%; height:auto; margin:10px 0;\"><br \/>\n<img decoding=\"async\" src=\"https:\/\/a.allegroimg.com\/original\/038bbf\/19fb26994fdf8bfaa0beca25bbb5\" alt=\"Zdj\u0119cie produktu\" style=\"max-width:100%; height:auto; margin:10px 0;\"><br \/>\n<img decoding=\"async\" src=\"https:\/\/a.allegroimg.com\/original\/03d0bb\/766174ea4bbaae5fa074d4b93427\" alt=\"Zdj\u0119cie produktu\" style=\"max-width:100%; height:auto; margin:10px 0;\"><br \/>\n<img decoding=\"async\" src=\"https:\/\/a.allegroimg.com\/original\/035ab0\/6bc4e64e44688a87ad2194782741\" alt=\"Zdj\u0119cie produktu\" style=\"max-width:100%; height:auto; margin:10px 0;\"><\/p>\n<h2>ETAPY REALIZACJI ZAM\u00d3WIENIA:<\/h2>\n<ol>\n<li><b>Wybierz kolor&nbsp;konstrukcji:&nbsp;<\/b>Czarny, Szary, Bia\u0142y, Mix: Bia\u0142y+Czarny, Mix: Szary + Czarny<\/li>\n<li><b>Wpisz wybrany kolor <\/b>&#8211; w formularzu zam\u00f3wienia.<\/li>\n<\/ol>\n<p><b>Poprawne przes\u0142anie powy\u017cszych informacji znacznie przyspieszy realizacj\u0119 zam\u00f3wienia.<\/b><\/p>\n<p><img decoding=\"async\" src=\"https:\/\/a.allegroimg.com\/original\/03bad9\/54b542c54ce28910f326193e5a43\" alt=\"Zdj\u0119cie produktu\" style=\"max-width:100%; height:auto; margin:10px 0;\"><br \/>\n<img decoding=\"async\" src=\"https:\/\/a.allegroimg.com\/original\/0329ae\/3c2ef9ad4276b06b627669cddd89\" alt=\"Zdj\u0119cie produktu\" style=\"max-width:100%; height:auto; margin:10px 0;\"><\/p>\n<h1>Do zdj\u0119\u0107 u\u017cyto \u017bAR\u00d3WEK EDISON z w\u0142\u00f3knem LED<\/h1>\n<h2>W\u0142\u00f3kna LED cechuje wysoka wydajno\u015b\u0107 oraz estetyka po\u0142\u0105czona z niskim zu\u017cyciem energii.<\/h2>\n<h2>\u017bar\u00f3wka to nie tylko \u017ar\u00f3d\u0142o \u015bwiata, ale tak\u017ce wa\u017cny wizualny szczeg\u00f3\u0142 lampy.<\/h2>\n<p><img decoding=\"async\" src=\"https:\/\/a.allegroimg.com\/original\/039fa3\/623a808d45f2a87de3045ceb837e\" alt=\"Zdj\u0119cie produktu\" style=\"max-width:100%; height:auto; margin:10px 0;\"><\/p>\n<h1>ARAN\u017bACJE:<\/h1>\n<p><img decoding=\"async\" src=\"https:\/\/a.allegroimg.com\/original\/035ad4\/90bcf5184ee58391ea7ec3429071\" alt=\"Zdj\u0119cie produktu\" style=\"max-width:100%; height:auto; margin:10px 0;\"><br \/>\n<img decoding=\"async\" src=\"https:\/\/a.allegroimg.com\/original\/03231c\/7d3b580e48cc9db5693c9c0faa79\" alt=\"Zdj\u0119cie produktu\" style=\"max-width:100%; height:auto; margin:10px 0;\"><\/p>\n","protected":false},"excerpt":{"rendered":"<p>Przedmiotem sprzeda\u017cy jest: Designerska lampa sufitowa wisz\u0105ca zaprojektowana w nowoczesnym stylu.&nbsp; Nr kat: 720-G3 LUXOLAR Wersja w pe\u0142ni z\u0142o\u017cona &#8211; nie jest to zestaw do samodzielnego monta\u017cu Lampa dost\u0119pna w kilku kolorach: Bia\u0142ym Szarym Czarnym Mix: Bia\u0142y+Czarny Mix: Szary+Czarny Nowa lampa wisz\u0105ca z serii Brylant z drucianymi os\u0142onami \u017car\u00f3wek Nowoczesny Styl &#8211; &nbsp;\u0142atwo wkomponuje si\u0119 [&hellip;]<\/p>\n","protected":false},"featured_media":40039,"comment_status":"closed","ping_status":"open","template":"","meta":{"_acf_changed":false},"product_brand":[162],"product_cat":[2593,2674],"product_tag":[],"class_list":{"0":"post-47869","1":"product","2":"type-product","3":"status-publish","4":"has-post-thumbnail","6":"product_brand-luxolar","7":"product_cat-lampen","8":"product_cat-hangelampen","9":"pa_kod-producenta-lampa-wiszaca-720-g3-de","10":"pa_kolekcja-720-de","11":"pa_kolor-schwarz","12":"pa_kolor-vielfarbig","13":"pa_kolor-weis","14":"pa_liczba-punktow-swiatla-3-de","15":"pa_marka-luxolar","16":"pa_material-dominujacy-metall","17":"pa_max-moc-pojed-zrodla-swiatla-60-de","18":"pa_pomieszczenie-buro","19":"pa_pomieszczenie-esszimmer","20":"pa_pomieszczenie-flur-treppe","21":"pa_pomieszczenie-kuche","22":"pa_pomieszczenie-salon-de","23":"pa_pomieszczenie-schlafzimmer","24":"pa_rodzaj-gwintu-e27-de","25":"pa_rodzaj-lampy-deckenleuchten-hangeleuchten","26":"pa_zasilanie-netzwerk","27":"pa_zawiera-baterie-nein","28":"pa_zrodlo-swiatla-ohne-lichtquelle","30":"first","31":"instock","32":"purchasable","33":"product-type-simple"},"acf":[],"aioseo_notices":[],"_links":{"self":[{"href":"https:\/\/portallamp.invette.dev\/de\/wp-json\/wp\/v2\/product\/47869","targetHints":{"allow":["GET"]}}],"collection":[{"href":"https:\/\/portallamp.invette.dev\/de\/wp-json\/wp\/v2\/product"}],"about":[{"href":"https:\/\/portallamp.invette.dev\/de\/wp-json\/wp\/v2\/types\/product"}],"replies":[{"embeddable":true,"href":"https:\/\/portallamp.invette.dev\/de\/wp-json\/wp\/v2\/comments?post=47869"}],"wp:featuredmedia":[{"embeddable":true,"href":"https:\/\/portallamp.invette.dev\/de\/wp-json\/wp\/v2\/media\/40039"}],"wp:attachment":[{"href":"https:\/\/portallamp.invette.dev\/de\/wp-json\/wp\/v2\/media?parent=47869"}],"wp:term":[{"taxonomy":"product_brand","embeddable":true,"href":"https:\/\/portallamp.invette.dev\/de\/wp-json\/wp\/v2\/product_brand?post=47869"},{"taxonomy":"product_cat","embeddable":true,"href":"https:\/\/portallamp.invette.dev\/de\/wp-json\/wp\/v2\/product_cat?post=47869"},{"taxonomy":"product_tag","embeddable":true,"href":"https:\/\/portallamp.invette.dev\/de\/wp-json\/wp\/v2\/product_tag?post=47869"}],"curies":[{"name":"wp","href":"https:\/\/api.w.org\/{rel}","templated":true}]}}