{"id":48790,"date":"2025-07-03T17:34:15","date_gmt":"2025-07-03T15:34:15","guid":{"rendered":"https:\/\/portallamp.invette.dev\/produkt\/lampa-sufitowa-zyrandol-biala-rattan-bz2-kleo-led\/"},"modified":"2025-07-03T17:34:15","modified_gmt":"2025-07-03T15:34:15","slug":"lampa-sufitowa-zyrandol-biala-rattan-bz2-kleo-led","status":"publish","type":"product","link":"https:\/\/portallamp.invette.dev\/de\/produkt\/lampa-sufitowa-zyrandol-biala-rattan-bz2-kleo-led\/","title":{"rendered":"Lampa Sufitowa \u017byrandol Bia\u0142a Rattan BZ2 Kleo LED"},"content":{"rendered":"<h1>Elegancka lampa wisz\u0105ca sufitowa Bia\u0142a-Rattan Kleo-BZ2 Luxolar<\/h1>\n<p>Oprawa sufitowa natynkowa, maj\u0105ca zastosowanie jako o\u015bwietlenie wewn\u0119trzne.<\/p>\n<p><img decoding=\"async\" src=\"https:\/\/a.allegroimg.com\/original\/1183e6\/807159b54d4aa966b3e8af441f11\" alt=\"Zdj\u0119cie produktu\" style=\"max-width:100%; height:auto; margin:10px 0;\"><br \/>\n<img decoding=\"async\" src=\"https:\/\/a.allegroimg.com\/original\/11fe9a\/4f0a5e09488496955cf6c08073fb\" alt=\"Zdj\u0119cie produktu\" style=\"max-width:100%; height:auto; margin:10px 0;\"><br \/>\n<img decoding=\"async\" src=\"https:\/\/a.allegroimg.com\/original\/11a096\/67e5cb6f45f1a943f0233c022deb\" alt=\"Zdj\u0119cie produktu\" style=\"max-width:100%; height:auto; margin:10px 0;\"><\/p>\n<h2>Idealna do:<\/h2>\n<p>\u2705 Niedu\u017cego pokoju (do 15m2)<\/p>\n<p>\u2705 Kuchni<\/p>\n<p>\u2705 Sypialni<\/p>\n<p>\u2705 Nad st\u00f3\u0142<\/p>\n<h2>G\u0142\u00f3wne cechy produktu:<\/h2>\n<p><b>\u2705&nbsp;<\/b>Lampa wyposa\u017cona w bardzo modne oraz praktyczne klosze w kszta\u0142cie walca &#8211; wykonane z tkaniny lniano-rattanowej<\/p>\n<p><b>\u2705 <\/b>Modna kolorystyka: Biel \u0142\u0105czona z ciep\u0142ym rattanem wpisuj\u0105 si\u0119 w jeden z g\u0142\u00f3wnych trend\u00f3w w o\u015bwietleniu.<\/p>\n<p><b>\u2705&nbsp;<\/b>Lamp\u0119 charakteryzuje wysoka jako\u015b\u0107 oraz trwa\u0142o\u015b\u0107.<\/p>\n<p><b>\u2705&nbsp;<\/b>\u0141atwy monta\u017c oraz dost\u0119p do cz\u0119\u015bci zamiennych &#8211; kupujesz u Polskiego producenta.<\/p>\n<h2>Konstrukcja lampy umo\u017cliwia regulacj\u0119 wysoko\u015bci kloszy (przed monta\u017cem).<\/h2>\n<p>Regulacja wysoko\u015bci znacz\u0105co poprawia funkcjonalno\u015b\u0107 lampy, a tak\u017ce poszerza jej praktyczne u\u017cycie. Sam zdecyduj, czy lampa b\u0119dzie s\u0142u\u017cy\u0142a Ci jako plafon czy te\u017c lampa wisz\u0105ca.<\/p>\n<p><b><\/b><\/p>\n<p><b>Parametry techniczne:<\/b><\/p>\n<p><b><\/b><\/p>\n<ul>\n<li>Dominuj\u0105cy materia\u0142 konstrukcji: Metal<\/li>\n<\/ul>\n<ul>\n<li>Kolor konstrukcji: Bia\u0142y g\u0142adki<\/li>\n<\/ul>\n<ul>\n<li>\u015arednica kloszy: 20 cm<\/li>\n<\/ul>\n<ul>\n<li>Lampa obs\u0142uguje wszystkie \u017car\u00f3wki z gwintem typu&nbsp;<b>E27 do max 60 wat\u00f3w.<\/b><\/li>\n<\/ul>\n<ul>\n<li>IP 20, Klasa I<\/li>\n<\/ul>\n<ul>\n<li><b>\u0179r\u00f3d\u0142o \u015bwiat\u0142a:<\/b> E-27 &#8211; zalecane LED<\/li>\n<\/ul>\n<ul>\n<li><b>Zasilanie:<\/b> ~230 [V] \/ bezpo\u015brednie z sieci, dwa niezale\u017cne obwody elektryczne, w\u0142\u0105czanie 1 + 1&nbsp; lub oba klosze jednocze\u015bnie<\/li>\n<\/ul>\n<ul>\n<li>Lampa z polskiej dystrybucji, wyprodukowana w Polsce &#8211; gwarantowany szybki dost\u0119p do serwisu i cz\u0119\u015bci zapasowych<\/li>\n<\/ul>\n<ul>\n<li>Szukasz kinkietu lub lampki nocnej pasuj\u0105cej do tej lampy? Znajdziesz je w naszych ofertach<\/li>\n<\/ul>\n<ul>\n<li><b>Wersja w pe\u0142ni z\u0142o\u017cona &#8211; nie jest to chi\u0144ski zestaw do samodzielnego monta\u017cu<\/b><\/li>\n<\/ul>\n<h2>Wymiary:<\/h2>\n<p><img decoding=\"async\" src=\"https:\/\/a.allegroimg.com\/original\/11f8ad\/f9204bf14ffa81c9fdfa78bd156d\" alt=\"Zdj\u0119cie produktu\" style=\"max-width:100%; height:auto; margin:10px 0;\"><br \/>\n<img decoding=\"async\" src=\"https:\/\/a.allegroimg.com\/original\/112ab5\/621a785946df8c91ab203aace89e\" alt=\"Zdj\u0119cie produktu\" style=\"max-width:100%; height:auto; margin:10px 0;\"><br \/>\n<img decoding=\"async\" src=\"https:\/\/a.allegroimg.com\/original\/11c4cc\/bf8995284c7293d93eb30e9cfcaa\" alt=\"Zdj\u0119cie produktu\" style=\"max-width:100%; height:auto; margin:10px 0;\"><\/p>\n<h2>Zestaw zawiera:<\/h2>\n<ul>\n<li><b>Kompletn\u0105, z\u0142o\u017con\u0105 lamp\u0119 &#8211; wystarczy tylko zamontowa\u0107&nbsp; klosze wg powy\u017cszego schematu<\/b><\/li>\n<li><b>Kostk\u0119 przy\u0142\u0105czeniow\u0105<\/b><\/li>\n<li><b>Instrukcj\u0119 obs\u0142ugi<\/b><\/li>\n<li><b>Dokument zakupu<\/b><\/li>\n<\/ul>\n<p><b>Zestaw nie zawiera \u017car\u00f3wek ani ko\u0142k\u00f3w rozporowych&nbsp; (nale\u017cy dobra\u0107 odpowiednie do sufitu)<\/b><\/p>\n<p><img decoding=\"async\" src=\"https:\/\/a.allegroimg.com\/original\/1108dd\/bea7040e4315bdbea8c1dd1c2471\" alt=\"Zdj\u0119cie produktu\" style=\"max-width:100%; height:auto; margin:10px 0;\"><br \/>\n<img decoding=\"async\" src=\"https:\/\/a.allegroimg.com\/original\/1171ee\/3f86a96d41c0a3027e05c69e8ce2\" alt=\"Zdj\u0119cie produktu\" style=\"max-width:100%; height:auto; margin:10px 0;\"><br \/>\n<img decoding=\"async\" src=\"https:\/\/a.allegroimg.com\/original\/110bf1\/f3c2ae6141a0a56907b8f3c8785d\" alt=\"Zdj\u0119cie produktu\" style=\"max-width:100%; height:auto; margin:10px 0;\"><br \/>\n<img decoding=\"async\" src=\"https:\/\/a.allegroimg.com\/original\/1183e6\/807159b54d4aa966b3e8af441f11\" alt=\"Zdj\u0119cie produktu\" style=\"max-width:100%; height:auto; margin:10px 0;\"><br \/>\n<img decoding=\"async\" src=\"https:\/\/a.allegroimg.com\/original\/11a77d\/626a007d4d8890a4ed625682d37f\" alt=\"Zdj\u0119cie produktu\" style=\"max-width:100%; height:auto; margin:10px 0;\"><\/p>\n","protected":false},"excerpt":{"rendered":"<p>Elegancka lampa wisz\u0105ca sufitowa Bia\u0142a-Rattan Kleo-BZ2 Luxolar Oprawa sufitowa natynkowa, maj\u0105ca zastosowanie jako o\u015bwietlenie wewn\u0119trzne. Idealna do: \u2705 Niedu\u017cego pokoju (do 15m2) \u2705 Kuchni \u2705 Sypialni \u2705 Nad st\u00f3\u0142 G\u0142\u00f3wne cechy produktu: \u2705&nbsp;Lampa wyposa\u017cona w bardzo modne oraz praktyczne klosze w kszta\u0142cie walca &#8211; wykonane z tkaniny lniano-rattanowej \u2705 Modna kolorystyka: Biel \u0142\u0105czona z ciep\u0142ym [&hellip;]<\/p>\n","protected":false},"featured_media":25882,"comment_status":"closed","ping_status":"open","template":"","meta":{"_acf_changed":false},"product_brand":[162],"product_cat":[2593,2674],"product_tag":[],"class_list":{"0":"post-48790","1":"product","2":"type-product","3":"status-publish","4":"has-post-thumbnail","6":"product_brand-luxolar","7":"product_cat-lampen","8":"product_cat-hangelampen","9":"pa_kod-producenta-lampa-sufitowa-861-bz2-kleo-de","10":"pa_kolekcja-979-de","11":"pa_kolor-weis","12":"pa_liczba-punktow-swiatla-2-de","13":"pa_marka-luxolar","14":"pa_material-dominujacy-stoff","15":"pa_max-moc-pojed-zrodla-swiatla-60-de","16":"pa_pomieszczenie-buro","17":"pa_pomieszczenie-esszimmer","18":"pa_pomieszczenie-flur-treppe","19":"pa_pomieszczenie-kinderzimmer","20":"pa_pomieszczenie-kuche","21":"pa_pomieszczenie-salon-de","22":"pa_pomieszczenie-schlafzimmer","23":"pa_pomieszczenie-universell","24":"pa_rodzaj-gwintu-e27-de","25":"pa_rodzaj-lampy-deckenleuchten-hangeleuchten","26":"pa_zasilanie-netzwerk","27":"pa_zawiera-baterie-nein","28":"pa_zrodlo-swiatla-ohne-lichtquelle","30":"first","31":"instock","32":"purchasable","33":"product-type-simple"},"acf":[],"aioseo_notices":[],"_links":{"self":[{"href":"https:\/\/portallamp.invette.dev\/de\/wp-json\/wp\/v2\/product\/48790","targetHints":{"allow":["GET"]}}],"collection":[{"href":"https:\/\/portallamp.invette.dev\/de\/wp-json\/wp\/v2\/product"}],"about":[{"href":"https:\/\/portallamp.invette.dev\/de\/wp-json\/wp\/v2\/types\/product"}],"replies":[{"embeddable":true,"href":"https:\/\/portallamp.invette.dev\/de\/wp-json\/wp\/v2\/comments?post=48790"}],"wp:featuredmedia":[{"embeddable":true,"href":"https:\/\/portallamp.invette.dev\/de\/wp-json\/wp\/v2\/media\/25882"}],"wp:attachment":[{"href":"https:\/\/portallamp.invette.dev\/de\/wp-json\/wp\/v2\/media?parent=48790"}],"wp:term":[{"taxonomy":"product_brand","embeddable":true,"href":"https:\/\/portallamp.invette.dev\/de\/wp-json\/wp\/v2\/product_brand?post=48790"},{"taxonomy":"product_cat","embeddable":true,"href":"https:\/\/portallamp.invette.dev\/de\/wp-json\/wp\/v2\/product_cat?post=48790"},{"taxonomy":"product_tag","embeddable":true,"href":"https:\/\/portallamp.invette.dev\/de\/wp-json\/wp\/v2\/product_tag?post=48790"}],"curies":[{"name":"wp","href":"https:\/\/api.w.org\/{rel}","templated":true}]}}