{"id":49681,"date":"2025-07-03T18:08:13","date_gmt":"2025-07-03T16:08:13","guid":{"rendered":"https:\/\/portallamp.invette.dev\/produkt\/lampa-wiszaca-sufitowa-zyrandol-plafon-loft-724-p1\/"},"modified":"2025-07-03T18:08:13","modified_gmt":"2025-07-03T16:08:13","slug":"lampa-wiszaca-sufitowa-zyrandol-plafon-loft-724-p1","status":"publish","type":"product","link":"https:\/\/portallamp.invette.dev\/de\/produkt\/lampa-wiszaca-sufitowa-zyrandol-plafon-loft-724-p1\/","title":{"rendered":"LAMPA WISZ\u0104CA SUFITOWA \u017bYRANDOL PLAFON LOFT 724-P1"},"content":{"rendered":"<h1>Designerska lampa sufitowa zaprojektowana w nowoczesnym stylu.<\/h1>\n<p><b>Wersja w pe\u0142ni z\u0142o\u017cona &#8211; nie jest to zestaw do samodzielnego monta\u017cu<\/b><\/p>\n<h2>Lampa dost\u0119pna w kolorach:<\/h2>\n<p><img decoding=\"async\" style=\"max-width: 100%; height: auto; margin: 10px 0;\" src=\"https:\/\/a.allegroimg.com\/original\/039033\/999f50f8409caa7dd863f4248f5c\" alt=\"Zdj\u0119cie produktu\" \/><br \/>\n<img decoding=\"async\" style=\"max-width: 100%; height: auto; margin: 10px 0;\" src=\"https:\/\/a.allegroimg.com\/original\/035eac\/f327467f40ee87039359d9911021\" alt=\"Zdj\u0119cie produktu\" \/><\/p>\n<p><b>Nowa lampa plafon z serii Diament z drucianym kloszem.<\/b><\/p>\n<ul>\n<li><b>Kolor Lampy do wyboru,<\/b><\/li>\n<\/ul>\n<ul>\n<li>Nowoczesny Styl &#8211; \u00a0\u0142atwo wkomponuje si\u0119 w uk\u0142ad mieszkania<\/li>\n<\/ul>\n<ul>\n<li>Bywa stosowana w zespole kilku-kilkunastu lamp do o\u015bwietlenia wi\u0119kszych pomieszcze\u0144 takich jak restauracje, bary.<\/li>\n<\/ul>\n<ul>\n<li>Sprawdzi si\u0119 r\u00f3wnie\u017c jako plafon do przedpokoju, ma\u0142ego pokoju.<\/li>\n<\/ul>\n<ul>\n<li><b>Solidny druciany klosz wykonany z drutu o grubo\u015bci prawie 4mm.<\/b><\/li>\n<\/ul>\n<ul>\n<li>Lampa obs\u0142uguje wszystkie \u017car\u00f3wki z gwintem typu E27 do max 60 wat\u00f3w.<\/li>\n<\/ul>\n<ul>\n<li>Dobry stosunek ceny do jako\u015bci.<\/li>\n<\/ul>\n<h2>Dane techniczne:<\/h2>\n<ul>\n<li><b>materia\u0142 konstrukcji:<\/b>\u00a0Metal malowany proszkowo<\/li>\n<li><b>materia\u0142 klosza:<\/b> drut fi 3,8 malowany proszkowo<\/li>\n<li><b>wymiary:<\/b>\u00a0Wysoko\u015b\u0107 ca\u0142kowita: 22 cm\u00a0<b>,<\/b>\u00a0\u015brednica podsufitki: 10 cm,<\/li>\n<li><b>zasilanie:<\/b>\u00a0~230 [V] \/ bezpo\u015brednie z sieci<\/li>\n<li><b>\u017ar\u00f3d\u0142o \u015bwiat\u0142a:<\/b>\u00a0E-27 max 60W, Zalecane LED<\/li>\n<li><b>spos\u00f3b monta\u017cu:<\/b>\u00a0dwa ko\u0142ki rozporowe<\/li>\n<li><b>IP 20, Klasa I<\/b><\/li>\n<li><b>zestaw nie zawiera ko\u0142k\u00f3w rozporowych i \u017car\u00f3wki<\/b><\/li>\n<li><b>producent: <\/b>LUXOLAR Polska<\/li>\n<\/ul>\n<p><img decoding=\"async\" style=\"max-width: 100%; height: auto; margin: 10px 0;\" src=\"https:\/\/a.allegroimg.com\/original\/03b10d\/293cae6c4ac4ac22cfdce7c885e8\" alt=\"Zdj\u0119cie produktu\" \/><\/p>\n<h2>WYMIARY:<\/h2>\n<p><img decoding=\"async\" style=\"max-width: 100%; height: auto; margin: 10px 0;\" src=\"https:\/\/a.allegroimg.com\/original\/03f93d\/11ebd728485a9baf913caed0d30e\" alt=\"Zdj\u0119cie produktu\" \/><br \/>\n<img decoding=\"async\" style=\"max-width: 100%; height: auto; margin: 10px 0;\" src=\"https:\/\/a.allegroimg.com\/original\/030cca\/ce9a3ae04d239af2c8fb2efab78b\" alt=\"Zdj\u0119cie produktu\" \/><\/p>\n<h2>Wybierz sw\u00f3j kolor:<\/h2>\n<p><img decoding=\"async\" style=\"max-width: 100%; height: auto; margin: 10px 0;\" src=\"https:\/\/a.allegroimg.com\/original\/039033\/999f50f8409caa7dd863f4248f5c\" alt=\"Zdj\u0119cie produktu\" \/><br \/>\n<img decoding=\"async\" style=\"max-width: 100%; height: auto; margin: 10px 0;\" src=\"https:\/\/a.allegroimg.com\/original\/0338b2\/cdd0d8894943a44da1044781f4c6\" alt=\"Zdj\u0119cie produktu\" \/><br \/>\n<img decoding=\"async\" style=\"max-width: 100%; height: auto; margin: 10px 0;\" src=\"https:\/\/a.allegroimg.com\/original\/03b0d3\/ff68ad1d448ca799aced4da3367b\" alt=\"Zdj\u0119cie produktu\" \/><\/p>\n<h2>ETAPY REALIZACJI ZAM\u00d3WIENIA:<\/h2>\n<ol>\n<li><b>Wybierz kolor\u00a0konstrukcji:\u00a0<\/b>Czarny, Bia\u0142o-Czarny, Bia\u0142y, Miedziany, Szaro-Czarny, Szary<\/li>\n<li><b>Wpisz wybrany kolor <\/b>&#8211; w formularzu zam\u00f3wienia.<\/li>\n<\/ol>\n<p><b>Poprawne przes\u0142anie powy\u017cszych informacji znacznie przyspieszy realizacj\u0119 zam\u00f3wienia.<\/b><\/p>\n<h2>ZALECANE \u0179R\u00d3D\u0141A \u015aWIAT\u0141A:<\/h2>\n<ul>\n<li>Gwint: E27<\/li>\n<li>Rodzaj: Led CCD lub Filament<\/li>\n<li>Barwa: Ciep\u0142a bia\u0142a (2700-3000K)<\/li>\n<li>Strumie\u0144 \u015bwietlny : 800-1200 lm (odpowiednik 8 -12W)<\/li>\n<\/ul>\n<p><b>Tradycyjny kszta\u0142t w po\u0142\u0105czeniu z nowoczesnymi diodami SMD<\/b><\/p>\n<p><img decoding=\"async\" style=\"max-width: 100%; height: auto; margin: 10px 0;\" src=\"https:\/\/a.allegroimg.com\/original\/03cb62\/d5f7403542f79feed19c6619da64\" alt=\"Zdj\u0119cie produktu\" \/><\/p>\n<h2>ARAN\u017bACJE:<\/h2>\n<p><img decoding=\"async\" style=\"max-width: 100%; height: auto; margin: 10px 0;\" src=\"https:\/\/a.allegroimg.com\/original\/03c08a\/4ad11e284563820002aecf0e237b\" alt=\"Zdj\u0119cie produktu\" \/><br \/>\n<img decoding=\"async\" style=\"max-width: 100%; height: auto; margin: 10px 0;\" src=\"https:\/\/a.allegroimg.com\/original\/03c424\/bfdd480140bfa4dadbf4ed044608\" alt=\"Zdj\u0119cie produktu\" \/><br \/>\n<img decoding=\"async\" style=\"max-width: 100%; height: auto; margin: 10px 0;\" src=\"https:\/\/a.allegroimg.com\/original\/039033\/999f50f8409caa7dd863f4248f5c\" alt=\"Zdj\u0119cie produktu\" \/><\/p>\n","protected":false},"excerpt":{"rendered":"<p>Designerska lampa sufitowa zaprojektowana w nowoczesnym stylu. Wersja w pe\u0142ni z\u0142o\u017cona &#8211; nie jest to zestaw do samodzielnego monta\u017cu Lampa dost\u0119pna w kolorach: Nowa lampa plafon z serii Diament z drucianym kloszem. Kolor Lampy do wyboru, Nowoczesny Styl &#8211; \u00a0\u0142atwo wkomponuje si\u0119 w uk\u0142ad mieszkania Bywa stosowana w zespole kilku-kilkunastu lamp do o\u015bwietlenia wi\u0119kszych pomieszcze\u0144 [&hellip;]<\/p>\n","protected":false},"featured_media":37502,"comment_status":"closed","ping_status":"closed","template":"","meta":{"_acf_changed":false},"product_brand":[162],"product_cat":[2593,2674],"product_tag":[2061],"class_list":{"0":"post-49681","1":"product","2":"type-product","3":"status-publish","4":"has-post-thumbnail","6":"product_brand-luxolar","7":"product_cat-lampen","8":"product_cat-hangelampen","9":"product_tag-bestseller-de","10":"pa_klasa-efektywnosci-a-de","11":"pa_kod-producenta-724-p1-de","12":"pa_kolekcja-724-de","13":"pa_kolor-gold-de","14":"pa_kolor-grau","15":"pa_kolor-schwarz","16":"pa_kolor-weis","17":"pa_liczba-punktow-swiatla-1-de","18":"pa_marka-luxolar","19":"pa_material-dominujacy-metall","20":"pa_max-moc-pojed-zrodla-swiatla-60-de","21":"pa_pomieszczenie-buro","22":"pa_pomieszczenie-esszimmer","23":"pa_pomieszczenie-flur-treppe","24":"pa_pomieszczenie-kuche","25":"pa_pomieszczenie-salon-de","26":"pa_pomieszczenie-schlafzimmer","27":"pa_rodzaj-gwintu-e27-de","28":"pa_rodzaj-lampy-deckenleuchten-hangeleuchten","29":"pa_zasilanie-netzwerk","30":"pa_zawiera-baterie-nein","31":"pa_zrodlo-swiatla-ohne-lichtquelle","33":"first","34":"instock","35":"purchasable","36":"product-type-simple"},"acf":[],"aioseo_notices":[],"_links":{"self":[{"href":"https:\/\/portallamp.invette.dev\/de\/wp-json\/wp\/v2\/product\/49681","targetHints":{"allow":["GET"]}}],"collection":[{"href":"https:\/\/portallamp.invette.dev\/de\/wp-json\/wp\/v2\/product"}],"about":[{"href":"https:\/\/portallamp.invette.dev\/de\/wp-json\/wp\/v2\/types\/product"}],"replies":[{"embeddable":true,"href":"https:\/\/portallamp.invette.dev\/de\/wp-json\/wp\/v2\/comments?post=49681"}],"wp:featuredmedia":[{"embeddable":true,"href":"https:\/\/portallamp.invette.dev\/de\/wp-json\/wp\/v2\/media\/37502"}],"wp:attachment":[{"href":"https:\/\/portallamp.invette.dev\/de\/wp-json\/wp\/v2\/media?parent=49681"}],"wp:term":[{"taxonomy":"product_brand","embeddable":true,"href":"https:\/\/portallamp.invette.dev\/de\/wp-json\/wp\/v2\/product_brand?post=49681"},{"taxonomy":"product_cat","embeddable":true,"href":"https:\/\/portallamp.invette.dev\/de\/wp-json\/wp\/v2\/product_cat?post=49681"},{"taxonomy":"product_tag","embeddable":true,"href":"https:\/\/portallamp.invette.dev\/de\/wp-json\/wp\/v2\/product_tag?post=49681"}],"curies":[{"name":"wp","href":"https:\/\/api.w.org\/{rel}","templated":true}]}}