{"id":47733,"date":"2025-07-03T18:16:52","date_gmt":"2025-07-03T16:16:52","guid":{"rendered":"https:\/\/portallamp.invette.dev\/produkt\/lampa-zyrandol-led-sufitowa-wiszaca-vigo-ii-chrom\/"},"modified":"2025-07-03T18:16:52","modified_gmt":"2025-07-03T16:16:52","slug":"lampa-zyrandol-led-sufitowa-wiszaca-vigo-ii-chrom","status":"publish","type":"product","link":"https:\/\/portallamp.invette.dev\/en\/produkt\/lampa-zyrandol-led-sufitowa-wiszaca-vigo-ii-chrom\/","title":{"rendered":"Lampa \u017byrandol Led Sufitowa Wisz\u0105ca VIGO II Chrom"},"content":{"rendered":"<h1>Lampa wisz\u0105ca wykonana z metalu w kolorze czarnym lub bia\u0142ym. Wybrany kolor uzupe\u0142niaj\u0105 chromowane dodatki.<\/h1>\n<\/p>\n<p><b>Wersja&nbsp; z\u0142o\u017cona i gotowa do zawieszenia &#8211; nie jest to zestaw do samodzielnego monta\u017cu,<\/b><\/p>\n<\/p>\n<p><img decoding=\"async\" src=\"https:\/\/a.allegroimg.com\/original\/03b6de\/83d0646446fda6575151ced48c0c\" alt=\"Zdj\u0119cie produktu\" style=\"max-width:100%; height:auto; margin:10px 0;\"><\/p>\n<h2>Kolory do wyboru:<\/h2>\n<ul>\n<li>Czarny + chrom<\/li>\n<li>Bia\u0142y + chrom<\/li>\n<\/ul>\n<p><img decoding=\"async\" src=\"https:\/\/a.allegroimg.com\/original\/11c4c8\/108693a24e2599fdec3f759ab267\" alt=\"Zdj\u0119cie produktu\" style=\"max-width:100%; height:auto; margin:10px 0;\"><\/p>\n<h2>Konstrukcja lampy umo\u017cliwia regulacj\u0119 wysoko\u015bci ka\u017cdego klosza.<\/h2>\n<\/p>\n<p><img decoding=\"async\" src=\"https:\/\/a.allegroimg.com\/original\/035efd\/6aed6f284465bb9424b871db6f55\" alt=\"Zdj\u0119cie produktu\" style=\"max-width:100%; height:auto; margin:10px 0;\"><br \/>\n<img decoding=\"async\" src=\"https:\/\/a.allegroimg.com\/original\/032988\/5214fcb94d4c82bc96087908addb\" alt=\"Zdj\u0119cie produktu\" style=\"max-width:100%; height:auto; margin:10px 0;\"><br \/>\n<img decoding=\"async\" src=\"https:\/\/a.allegroimg.com\/original\/03bb3d\/a35589c64313a0e27c2e0f5d4cf2\" alt=\"Zdj\u0119cie produktu\" style=\"max-width:100%; height:auto; margin:10px 0;\"><br \/>\n<img decoding=\"async\" src=\"https:\/\/a.allegroimg.com\/original\/03c80a\/d6ad9d4d47cb8ed6c40ea0b670f1\" alt=\"Zdj\u0119cie produktu\" style=\"max-width:100%; height:auto; margin:10px 0;\"><\/p>\n<h2>\u015awietnie odnajdzie si\u0119 we wn\u0119trzach o charakterze nowoczesnym,&nbsp; minimalistycznym czy skandynawskim.<\/h2>\n<p><img decoding=\"async\" src=\"https:\/\/a.allegroimg.com\/original\/034058\/f9f47b9c400692f6d3edaf1a3c6f\" alt=\"Zdj\u0119cie produktu\" style=\"max-width:100%; height:auto; margin:10px 0;\"><\/p>\n<p><b><\/b><\/p>\n<p><b>G\u0141\u00d3WNE CECHY LAMPY:<\/b><\/p>\n<p><b><\/b><\/p>\n<ul>\n<li>Kolor konstrukcji: Czarny matowy lub Bia\u0142y g\u0142adki<\/li>\n<\/ul>\n<ul>\n<li>Materia\u0142 konstrukcji: Metal<\/li>\n<\/ul>\n<ul>\n<li>Regulacja wysoko\u015bci do max: 70 cm<\/li>\n<\/ul>\n<ul>\n<li>Nowoczesny Styl &#8211; &nbsp;\u0142atwo wkomponuje si\u0119 w uk\u0142ad mieszkania<\/li>\n<\/ul>\n<ul>\n<li>Przeznaczona jako o\u015bwietlenie g\u0142\u00f3wne w pomieszczeniach o powierzchni:&nbsp;<b>12 &#8211; 16 m2<\/b><\/li>\n<\/ul>\n<ul>\n<li>Lampa obs\u0142uguje wszystkie \u017car\u00f3wki z gwintem typu&nbsp;<b>E27 do max 60 wat\u00f3w.<\/b><\/li>\n<\/ul>\n<ul>\n<li>Dodatkowym atutem s\u0105 dwa niezale\u017cne obwody elektryczne, dzi\u0119ki kt\u00f3rym w zale\u017cno\u015bci od potrzeb, mo\u017cemy sterowa\u0107 ilo\u015bci\u0105 w\u0142\u0105czonych \u017car\u00f3wek.<\/li>\n<\/ul>\n<ul>\n<li>Lampa z polskiej dystrybucji, wyprodukowana w Polsce &#8211; gwarantowany szybki dost\u0119p do serwisu i cz\u0119\u015bci zapasowych<\/li>\n<\/ul>\n<ul>\n<li>Cena &#8211; za podobn\u0105 lamp\u0119 w popularnych marketach budowlanych zap\u0142acisz grubo ponad 200 z\u0142<\/li>\n<\/ul>\n<ul>\n<li>\u017byrandol pochodzi z szerszej rodziny lamp szklanych&nbsp; &#8211; bez problemu dokupisz do kompletu kinkiet czy lampk\u0119 wisz\u0105c\u0105<\/li>\n<\/ul>\n<ul>\n<li><b>Wersja w pe\u0142ni z\u0142o\u017cona &#8211; nie jest to zestaw do samodzielnego monta\u017cu<\/b><\/li>\n<\/ul>\n<h2>Dane techniczne:<\/h2>\n<\/p>\n<ul>\n<li><b>Zasilanie:<\/b> ~230 [V] \/ bezpo\u015brednie z sieci, dwa niezale\u017cne obwody elektryczne, w\u0142\u0105czanie 2+1 lub wszystkie jednocze\u015bnie<\/li>\n<li><b>\u0179r\u00f3d\u0142o \u015bwiat\u0142a:<\/b>&nbsp;E-27 &#8211; zalecane LED lub \u015bwietl\u00f3wki kompaktowe<\/li>\n<li><b>Spos\u00f3b monta\u017cu:<\/b>&nbsp;Dwa ko\u0142ki rozporowe<\/li>\n<li><b>IP 20, Klasa I<\/b><\/li>\n<li><b>Zestaw nie zawiera \u017car\u00f3wek oraz ko\u0142k\u00f3w rozporowych do monta\u017cu<\/b><\/li>\n<li><b>Producent:&nbsp;<\/b>LUXOLAR Polska<\/li>\n<\/ul>\n<p>Nie jest to zestaw do samodzielnego z\u0142o\u017cenia &#8211; Lampa jest kompletna i z\u0142o\u017cona &#8211; gotowa do zawieszenia.<\/p>\n<h2>Wymiary:<\/h2>\n<\/p>\n<p><img decoding=\"async\" src=\"https:\/\/a.allegroimg.com\/original\/037bf6\/75539b114c1a83100a5675e3a5a7\" alt=\"Zdj\u0119cie produktu\" style=\"max-width:100%; height:auto; margin:10px 0;\"><br \/>\n<img decoding=\"async\" src=\"https:\/\/a.allegroimg.com\/original\/03012d\/2b1d7b2e4e91aa5570de5b22b56d\" alt=\"Zdj\u0119cie produktu\" style=\"max-width:100%; height:auto; margin:10px 0;\"><br \/>\n<img decoding=\"async\" src=\"https:\/\/a.allegroimg.com\/original\/034b54\/92685d244fbc9dcb735977038ea7\" alt=\"Zdj\u0119cie produktu\" style=\"max-width:100%; height:auto; margin:10px 0;\"><\/p>\n<h2>Zestaw zawiera:<\/h2>\n<\/p>\n<ul>\n<li><b>Kompletn\u0105, z\u0142o\u017con\u0105 lamp\u0119 gotow\u0105 do zawieszenia (nie jest to chi\u0144skiej produkcji zestaw do samodzielnego monta\u017cu)<\/b><\/li>\n<li><b>Kostk\u0119 przy\u0142\u0105czeniow\u0105<\/b><\/li>\n<li><b>Instrukcj\u0119 obs\u0142ugi<\/b><\/li>\n<li><b>Kart\u0119 energetyczn\u0105<\/b><\/li>\n<li><b>Dokument zakupu<\/b><\/li>\n<\/ul>\n<p><b>Zestaw nie zawiera \u017ar\u00f3d\u0142a \u015bwiat\u0142a oraz ko\u0142k\u00f3w rozporowych.<\/b><\/p>\n<h2>ETAPY REALIZACJI ZAM\u00d3WIENIA:<\/h2>\n<ol>\n<li><b>Wybierz kolor&nbsp;konstrukcji:&nbsp;<\/b>Czarny lub Bia\u0142y<\/li>\n<li><b>Wpisz wybrany kolor&nbsp;<\/b>&#8211; w formularzu zam\u00f3wienia.<\/li>\n<\/ol>\n<p><b>Poprawne przes\u0142anie powy\u017cszych informacji znacznie przyspieszy realizacj\u0119 zam\u00f3wienia.<\/b><\/p>\n<p><img decoding=\"async\" src=\"https:\/\/a.allegroimg.com\/original\/11c4c8\/108693a24e2599fdec3f759ab267\" alt=\"Zdj\u0119cie produktu\" style=\"max-width:100%; height:auto; margin:10px 0;\"><\/p>\n<h2>ZALECANE \u0179R\u00d3D\u0141A \u015aWIAT\u0141A:<\/h2>\n<\/p>\n<ul>\n<li>\u017bar\u00f3wki LED z diodami SMD lub filament<\/li>\n<li>Strumie\u0144 \u015bwietlny: 900 -1300 lm<\/li>\n<li><b>Gwint E27<\/b><\/li>\n<li>Moc pobierana z sieci: 6 -12 W<\/li>\n<li>Barwa: ciep\u0142a lub bia\u0142a<\/li>\n<\/ul>\n<h2>Tradycyjny kszta\u0142t w po\u0142\u0105czeniu z nowoczesnymi diodami SMD lub Filament<\/h2>\n<p><img decoding=\"async\" src=\"https:\/\/a.allegroimg.com\/original\/03303d\/c3b1d99f4211bfec2eb9d008c1a1\" alt=\"Zdj\u0119cie produktu\" style=\"max-width:100%; height:auto; margin:10px 0;\"><\/p>\n<h2>Aran\u017cacje:<\/h2>\n<\/p>\n<p><img decoding=\"async\" src=\"https:\/\/a.allegroimg.com\/original\/0393cd\/e152e0484a3e9f2dcec3cc5d83be\" alt=\"Zdj\u0119cie produktu\" style=\"max-width:100%; height:auto; margin:10px 0;\"><br \/>\n<img decoding=\"async\" src=\"https:\/\/a.allegroimg.com\/original\/03f2ba\/6228daaa4df2bd1260c4786db9ae\" alt=\"Zdj\u0119cie produktu\" style=\"max-width:100%; height:auto; margin:10px 0;\"><br \/>\n<img decoding=\"async\" src=\"\" alt=\"Zdj\u0119cie produktu\" style=\"max-width:100%; height:auto; margin:10px 0;\"><\/p>\n","protected":false},"excerpt":{"rendered":"<p>Lampa wisz\u0105ca wykonana z metalu w kolorze czarnym lub bia\u0142ym. Wybrany kolor uzupe\u0142niaj\u0105 chromowane dodatki. Wersja&nbsp; z\u0142o\u017cona i gotowa do zawieszenia &#8211; nie jest to zestaw do samodzielnego monta\u017cu, Kolory do wyboru: Czarny + chrom Bia\u0142y + chrom Konstrukcja lampy umo\u017cliwia regulacj\u0119 wysoko\u015bci ka\u017cdego klosza. \u015awietnie odnajdzie si\u0119 we wn\u0119trzach o charakterze nowoczesnym,&nbsp; minimalistycznym czy [&hellip;]<\/p>\n","protected":false},"featured_media":40356,"comment_status":"closed","ping_status":"open","template":"","meta":{"_acf_changed":false},"product_brand":[162],"product_cat":[2590,2671],"product_tag":[],"class_list":{"0":"post-47733","1":"product","2":"type-product","3":"status-publish","4":"has-post-thumbnail","6":"product_brand-luxolar","7":"product_cat-lamps","8":"product_cat-hanging-lamps","9":"pa_klasa-efektywnosci-a-en","10":"pa_kod-producenta-591e12-en","11":"pa_kolekcja-vigo-ii-en","12":"pa_kolor-black","13":"pa_kolor-gray","14":"pa_kolor-silver","15":"pa_liczba-punktow-swiatla-3-2","16":"pa_marka-luxolar","17":"pa_material-dominujacy-metal-en","18":"pa_max-moc-pojed-zrodla-swiatla-60-2","19":"pa_pomieszczenie-universal","20":"pa_rodzaj-gwintu-e27-2","21":"pa_rodzaj-lampy-ceiling-mounted-hanging","22":"pa_zasilanie-network","23":"pa_zawiera-baterie-no","24":"pa_zrodlo-swiatla-without-a-light-source","26":"first","27":"instock","28":"purchasable","29":"product-type-simple"},"acf":[],"aioseo_notices":[],"_links":{"self":[{"href":"https:\/\/portallamp.invette.dev\/en\/wp-json\/wp\/v2\/product\/47733","targetHints":{"allow":["GET"]}}],"collection":[{"href":"https:\/\/portallamp.invette.dev\/en\/wp-json\/wp\/v2\/product"}],"about":[{"href":"https:\/\/portallamp.invette.dev\/en\/wp-json\/wp\/v2\/types\/product"}],"replies":[{"embeddable":true,"href":"https:\/\/portallamp.invette.dev\/en\/wp-json\/wp\/v2\/comments?post=47733"}],"wp:featuredmedia":[{"embeddable":true,"href":"https:\/\/portallamp.invette.dev\/en\/wp-json\/wp\/v2\/media\/40356"}],"wp:attachment":[{"href":"https:\/\/portallamp.invette.dev\/en\/wp-json\/wp\/v2\/media?parent=47733"}],"wp:term":[{"taxonomy":"product_brand","embeddable":true,"href":"https:\/\/portallamp.invette.dev\/en\/wp-json\/wp\/v2\/product_brand?post=47733"},{"taxonomy":"product_cat","embeddable":true,"href":"https:\/\/portallamp.invette.dev\/en\/wp-json\/wp\/v2\/product_cat?post=47733"},{"taxonomy":"product_tag","embeddable":true,"href":"https:\/\/portallamp.invette.dev\/en\/wp-json\/wp\/v2\/product_tag?post=47733"}],"curies":[{"name":"wp","href":"https:\/\/api.w.org\/{rel}","templated":true}]}}